{"id":26502,"date":"2024-07-10T14:49:01","date_gmt":"2024-07-10T14:49:01","guid":{"rendered":"https:\/\/www.themarkers.ro\/?post_type=autori&#038;p=26502"},"modified":"2024-07-10T15:08:29","modified_gmt":"2024-07-10T15:08:29","slug":"iuliana-vlad","status":"publish","type":"autori","link":"https:\/\/www.themarkers.ro\/en\/autori\/iuliana-vlad\/","title":{"rendered":"Iuliana Vlad"},"content":{"rendered":"<div data-elementor-type=\"wp-post\" data-elementor-id=\"26502\" class=\"elementor elementor-26502\" data-elementor-post-type=\"autori\">\n\t\t\t\t\t\t<section class=\"elementor-section elementor-top-section elementor-element elementor-element-ada2573 elementor-section-boxed elementor-section-height-default elementor-section-height-default jltma-glass-effect-no e-parent\" data-id=\"ada2573\" data-element_type=\"section\">\n\t\t\t\t\t\t<div class=\"elementor-container elementor-column-gap-default\">\n\t\t\t\t\t<div class=\"elementor-column elementor-col-50 elementor-top-column elementor-element elementor-element-cacb4ff lakit-col-width-auto-no jltma-glass-effect-no\" data-id=\"cacb4ff\" data-element_type=\"column\" data-settings=\"{&quot;background_background&quot;:&quot;classic&quot;}\">\n\t\t\t<div class=\"elementor-widget-wrap elementor-element-populated\">\n\t\t\t\t\t\t<div class=\"elementor-element elementor-element-62fbf42 jltma-glass-effect-no elementor-widget elementor-widget-image\" data-id=\"62fbf42\" data-element_type=\"widget\" data-widget_type=\"image.default\">\n\t\t\t\t<div class=\"elementor-widget-container\">\n\t\t\t\t\t\t\t\t\t\t\t\t\t\t\t<img fetchpriority=\"high\" decoding=\"async\" width=\"800\" height=\"800\" src=\"https:\/\/www.themarkers.ro\/wp-content\/uploads\/2024\/05\/5.png\" class=\"attachment-large size-large wp-image-26282\" alt=\"\" srcset=\"https:\/\/www.themarkers.ro\/wp-content\/uploads\/2024\/05\/5.png 1000w, https:\/\/www.themarkers.ro\/wp-content\/uploads\/2024\/05\/5-300x300.png 300w, https:\/\/www.themarkers.ro\/wp-content\/uploads\/2024\/05\/5-150x150.png 150w, https:\/\/www.themarkers.ro\/wp-content\/uploads\/2024\/05\/5-768x768.png 768w, https:\/\/www.themarkers.ro\/wp-content\/uploads\/2024\/05\/5-12x12.png 12w\" sizes=\"(max-width: 800px) 100vw, 800px\" \/>\t\t\t\t\t\t\t\t\t\t\t\t\t\t\t<\/div>\n\t\t\t\t<\/div>\n\t\t\t\t<div class=\"elementor-element elementor-element-35f327f jltma-glass-effect-no elementor-widget elementor-widget-heading\" data-id=\"35f327f\" data-element_type=\"widget\" data-widget_type=\"heading.default\">\n\t\t\t\t<div class=\"elementor-widget-container\">\n\t\t\t\t\t<h2 class=\"elementor-heading-title elementor-size-default\">Iuliana Vlad<\/h2>\t\t\t\t<\/div>\n\t\t\t\t<\/div>\n\t\t\t\t<div class=\"elementor-element elementor-element-649e655 jltma-glass-effect-no elementor-widget elementor-widget-text-editor\" data-id=\"649e655\" data-element_type=\"widget\" data-widget_type=\"text-editor.default\">\n\t\t\t\t<div class=\"elementor-widget-container\">\n\t\t\t\t\t\t\t\t\t<p>Social Media Specialist<br \/>Content Creator<\/p>\t\t\t\t\t\t\t\t<\/div>\n\t\t\t\t<\/div>\n\t\t\t\t<div class=\"elementor-element elementor-element-0ccbcc0 elementor-align-center elementor-icon-list--layout-traditional elementor-list-item-link-full_width jltma-glass-effect-no elementor-widget elementor-widget-icon-list\" data-id=\"0ccbcc0\" data-element_type=\"widget\" data-widget_type=\"icon-list.default\">\n\t\t\t\t<div class=\"elementor-widget-container\">\n\t\t\t\t\t\t\t<ul class=\"elementor-icon-list-items\">\n\t\t\t\t\t\t\t<li class=\"elementor-icon-list-item\">\n\t\t\t\t\t\t\t\t\t\t\t<a href=\"https:\/\/www.linkedin.com\/in\/mariana-iuliana-vlad-29392543\" target=\"_blank\" rel=\"nofollow\">\n\n\t\t\t\t\t\t\t\t\t\t\t\t<span class=\"elementor-icon-list-icon\">\n\t\t\t\t\t\t\t<i aria-hidden=\"true\" class=\"icofont icofont-linkedin\"><\/i>\t\t\t\t\t\t<\/span>\n\t\t\t\t\t\t\t\t\t\t<span class=\"elementor-icon-list-text\">Linkedin<\/span>\n\t\t\t\t\t\t\t\t\t\t\t<\/a>\n\t\t\t\t\t\t\t\t\t<\/li>\n\t\t\t\t\t\t<\/ul>\n\t\t\t\t\t\t<\/div>\n\t\t\t\t<\/div>\n\t\t\t\t\t<\/div>\n\t\t<\/div>\n\t\t\t\t<div class=\"elementor-column elementor-col-50 elementor-top-column elementor-element elementor-element-dd5cee2 lakit-col-width-auto-no jltma-glass-effect-no\" data-id=\"dd5cee2\" data-element_type=\"column\">\n\t\t\t<div class=\"elementor-widget-wrap elementor-element-populated\">\n\t\t\t\t\t\t<div class=\"elementor-element elementor-element-fe856ee jltma-glass-effect-no elementor-widget elementor-widget-heading\" data-id=\"fe856ee\" data-element_type=\"widget\" data-widget_type=\"heading.default\">\n\t\t\t\t<div class=\"elementor-widget-container\">\n\t\t\t\t\t<h2 class=\"elementor-heading-title elementor-size-default\">Despre<\/h2>\t\t\t\t<\/div>\n\t\t\t\t<\/div>\n\t\t\t\t<div class=\"elementor-element elementor-element-afd6da4 jltma-glass-effect-no elementor-widget elementor-widget-text-editor\" data-id=\"afd6da4\" data-element_type=\"widget\" data-widget_type=\"text-editor.default\">\n\t\t\t\t<div class=\"elementor-widget-container\">\n\t\t\t\t\t\t\t\t\t<p>M\u0103 numesc Iuliana Vlad \u0219i sunt specialist\u0103 \u00een marketing digital cu o experien\u021b\u0103 de 5 ani \u00een promovarea pe re\u021bele sociale. Am fost atras\u0103 de domeniul acesta datorit\u0103 pasiunii mele pentru psihologie \u0219i dorin\u021bei de a \u00een\u021belege motiva\u021biile din spatele comportamentului uman. Marketingul mi-a permis s\u0103 \u00eemi satisfac aceast\u0103 curiozitate \u0219i s\u0103 contribui la succesul afacerilor cu care am colaborat.<\/p><p><span style=\"color: var( --e-global-color-a7631b2 ); font-size: 1rem;\">Pe l\u00e2ng\u0103 munca mea, \u00eemi place s\u0103 citesc \u0219i s\u0103 fac sport. Obiectivul meu principal este s\u0103 excelez \u00een domeniul meu de activitate \u0219i s\u0103 am o carier\u0103 \u00eemplinitoare. Consider c\u0103 marketingul este un domeniu dinamic \u0219i provocator, care \u00eemi ofer\u0103 oportunitatea de a \u00eenv\u0103\u021ba \u0219i de a m\u0103 dezvolta continuu.<\/span><\/p><p>Sunt o persoan\u0103 energic\u0103, organizat\u0103 \u0219i orientat\u0103 spre rezultate. Cred cu t\u0103rie c\u0103 o comunicare eficient\u0103 \u0219i o colaborare str\u00e2ns\u0103 cu clien\u021bii sunt esen\u021biale pentru a ob\u021bine succesul dorit.<\/p>\t\t\t\t\t\t\t\t<\/div>\n\t\t\t\t<\/div>\n\t\t\t\t<div class=\"elementor-element elementor-element-2e85274 elementor-grid-2 elementor-posts--thumbnail-top elementor-grid-tablet-2 elementor-grid-mobile-1 jltma-glass-effect-no elementor-widget elementor-widget-posts\" data-id=\"2e85274\" data-element_type=\"widget\" data-settings=\"{&quot;custom_columns&quot;:&quot;2&quot;,&quot;custom_columns_tablet&quot;:&quot;2&quot;,&quot;custom_columns_mobile&quot;:&quot;1&quot;,&quot;custom_row_gap&quot;:{&quot;unit&quot;:&quot;px&quot;,&quot;size&quot;:35,&quot;sizes&quot;:[]},&quot;custom_row_gap_tablet&quot;:{&quot;unit&quot;:&quot;px&quot;,&quot;size&quot;:&quot;&quot;,&quot;sizes&quot;:[]},&quot;custom_row_gap_mobile&quot;:{&quot;unit&quot;:&quot;px&quot;,&quot;size&quot;:&quot;&quot;,&quot;sizes&quot;:[]}}\" data-widget_type=\"posts.custom\">\n\t\t\t\t<div class=\"elementor-widget-container\">\n\t\t\t\t\t      <div class=\"ecs-posts elementor-posts-container elementor-posts   elementor-grid elementor-posts--skin-custom\" data-settings=\"{&quot;current_page&quot;:1,&quot;max_num_pages&quot;:1,&quot;load_method&quot;:&quot;&quot;,&quot;widget_id&quot;:&quot;2e85274&quot;,&quot;post_id&quot;:26502,&quot;theme_id&quot;:26502,&quot;change_url&quot;:false,&quot;reinit_js&quot;:false}\">\n      \t\t<article id=\"post-26836\" class=\"elementor-post elementor-grid-item ecs-post-loop post-26836 post type-post status-publish format-standard has-post-thumbnail hentry category-fb-si-insta-ads tag-ghid-prezenta-grupuri-facebook\">\n\t\t\t\t<div data-elementor-type=\"loop\" data-elementor-id=\"20413\" class=\"elementor elementor-20413 post-26836 post type-post status-publish format-standard has-post-thumbnail hentry category-fb-si-insta-ads tag-ghid-prezenta-grupuri-facebook\" data-elementor-post-type=\"elementor_library\">\n\t\t\t\t\t<section class=\"elementor-section elementor-top-section elementor-element elementor-element-22621ae elementor-section-boxed elementor-section-height-default elementor-section-height-default jltma-glass-effect-no e-parent\" data-id=\"22621ae\" data-element_type=\"section\">\n\t\t\t\t\t\t<div class=\"elementor-container elementor-column-gap-default\">\n\t\t\t\t\t<div class=\"elementor-column elementor-col-100 elementor-top-column elementor-element elementor-element-e02ba0b lakit-col-width-auto-no jltma-glass-effect-no\" data-id=\"e02ba0b\" data-element_type=\"column\">\n\t\t\t<div class=\"elementor-widget-wrap\">\n\t\t\t\t\t\t\t<\/div>\n\t\t<\/div>\n\t\t\t\t\t<\/div>\n\t\t<\/section>\n\t\t\t\t<section class=\"elementor-section elementor-top-section elementor-element elementor-element-49f198f .equal-height-content elementor-section-boxed elementor-section-height-default elementor-section-height-default jltma-glass-effect-no e-parent\" data-id=\"49f198f\" data-element_type=\"section\">\n\t\t\t\t\t\t\t<div class=\"elementor-background-overlay\"><\/div>\n\t\t\t\t\t\t\t<div class=\"elementor-container elementor-column-gap-default\">\n\t\t\t\t\t<div class=\"elementor-column elementor-col-100 elementor-top-column elementor-element elementor-element-0115ecb lakit-col-width-auto-no jltma-glass-effect-no\" data-id=\"0115ecb\" data-element_type=\"column\">\n\t\t\t<div class=\"elementor-widget-wrap elementor-element-populated\">\n\t\t\t\t\t\t<div class=\"elementor-element elementor-element-4172807 jltma-glass-effect-no elementor-widget elementor-widget-image\" data-id=\"4172807\" data-element_type=\"widget\" data-widget_type=\"image.default\">\n\t\t\t\t<div class=\"elementor-widget-container\">\n\t\t\t\t\t\t\t\t\t\t\t\t\t\t\t\t<a href=\"https:\/\/www.themarkers.ro\/en\/ghidul-tau-pentru-o-prezenta-eficienta-in-grupurile-de-pe-facebook\/\">\n\t\t\t\t\t\t\t<img decoding=\"async\" width=\"800\" height=\"800\" src=\"https:\/\/www.themarkers.ro\/wp-content\/uploads\/2024\/09\/ghid-prezenta-eficienta-grupuri-Facebook-1024x1024.jpg\" class=\"attachment-large size-large wp-image-26840\" alt=\"ghid prezenta eficienta grupuri Facebook\" srcset=\"https:\/\/www.themarkers.ro\/wp-content\/uploads\/2024\/09\/ghid-prezenta-eficienta-grupuri-Facebook-1024x1024.jpg 1024w, https:\/\/www.themarkers.ro\/wp-content\/uploads\/2024\/09\/ghid-prezenta-eficienta-grupuri-Facebook-300x300.jpg 300w, https:\/\/www.themarkers.ro\/wp-content\/uploads\/2024\/09\/ghid-prezenta-eficienta-grupuri-Facebook-150x150.jpg 150w, https:\/\/www.themarkers.ro\/wp-content\/uploads\/2024\/09\/ghid-prezenta-eficienta-grupuri-Facebook-768x768.jpg 768w, https:\/\/www.themarkers.ro\/wp-content\/uploads\/2024\/09\/ghid-prezenta-eficienta-grupuri-Facebook-12x12.jpg 12w, https:\/\/www.themarkers.ro\/wp-content\/uploads\/2024\/09\/ghid-prezenta-eficienta-grupuri-Facebook.jpg 1200w\" sizes=\"(max-width: 800px) 100vw, 800px\" \/>\t\t\t\t\t\t\t\t<\/a>\n\t\t\t\t\t\t\t\t\t\t\t\t\t\t\t<\/div>\n\t\t\t\t<\/div>\n\t\t\t\t<div class=\"elementor-element elementor-element-db602eb jltma-glass-effect-no elementor-widget elementor-widget-theme-post-title elementor-page-title elementor-widget-heading\" data-id=\"db602eb\" data-element_type=\"widget\" data-widget_type=\"theme-post-title.default\">\n\t\t\t\t<div class=\"elementor-widget-container\">\n\t\t\t\t\t<h3 class=\"elementor-heading-title elementor-size-default\"><a href=\"https:\/\/www.themarkers.ro\/en\/ghidul-tau-pentru-o-prezenta-eficienta-in-grupurile-de-pe-facebook\/\">Ghidul t\u0103u pentru o prezen\u021b\u0103 eficient\u0103 \u00een grupurile de pe Facebook<\/a><\/h3>\t\t\t\t<\/div>\n\t\t\t\t<\/div>\n\t\t\t\t<div class=\"elementor-element elementor-element-652edb5 elementor-align-left jltma-glass-effect-no elementor-widget elementor-widget-button\" data-id=\"652edb5\" data-element_type=\"widget\" data-widget_type=\"button.default\">\n\t\t\t\t<div class=\"elementor-widget-container\">\n\t\t\t\t\t\t\t\t\t<div class=\"elementor-button-wrapper\">\n\t\t\t\t\t<a class=\"elementor-button elementor-button-link elementor-size-sm\" href=\"https:\/\/www.themarkers.ro\/en\/ghidul-tau-pentru-o-prezenta-eficienta-in-grupurile-de-pe-facebook\/\">\n\t\t\t\t\t\t<span class=\"elementor-button-content-wrapper\">\n\t\t\t\t\t\t\t\t\t<span class=\"elementor-button-text\">Read more<\/span>\n\t\t\t\t\t<\/span>\n\t\t\t\t\t<\/a>\n\t\t\t\t<\/div>\n\t\t\t\t\t\t\t\t<\/div>\n\t\t\t\t<\/div>\n\t\t\t\t\t<\/div>\n\t\t<\/div>\n\t\t\t\t\t<\/div>\n\t\t<\/section>\n\t\t\t\t<\/div>\n\t\t\t\t<\/article>\n\t\t\t\t<\/div>\n\t\t\t\t\t\t<\/div>\n\t\t\t\t<\/div>\n\t\t\t\t\t<\/div>\n\t\t<\/div>\n\t\t\t\t\t<\/div>\n\t\t<\/section>\n\t\t\t\t<\/div>","protected":false},"excerpt":{"rendered":"<p>Social Media SpecialistContent Creator Linkedin Despre M\u0103 numesc Iuliana Vlad \u0219i sunt specialist\u0103 \u00een marketing digital cu o experien\u021b\u0103 de 5 ani \u00een promovarea pe re\u021bele sociale. Am fost atras\u0103 de domeniul acesta datorit\u0103 pasiunii mele pentru psihologie \u0219i dorin\u021bei de a \u00een\u021belege motiva\u021biile din spatele comportamentului uman. Marketingul mi-a permis s\u0103 \u00eemi satisfac aceast\u0103 [&hellip;]<\/p>\n","protected":false},"featured_media":0,"template":"","class_list":["post-26502","autori","type-autori","status-publish","hentry"],"acf":[],"yoast_head":"<!-- This site is optimized with the Yoast SEO plugin v27.3 - https:\/\/yoast.com\/product\/yoast-seo-wordpress\/ -->\n<title>Iuliana Vlad - The Markers<\/title>\n<meta name=\"robots\" content=\"index, follow, max-snippet:-1, max-image-preview:large, max-video-preview:-1\" \/>\n<link rel=\"canonical\" href=\"https:\/\/www.themarkers.ro\/en\/autori\/iuliana-vlad\/\" \/>\n<meta property=\"og:locale\" content=\"en_US\" \/>\n<meta property=\"og:type\" content=\"article\" \/>\n<meta property=\"og:title\" content=\"Iuliana Vlad - The Markers\" \/>\n<meta property=\"og:description\" content=\"Social Media SpecialistContent Creator Linkedin Despre M\u0103 numesc Iuliana Vlad \u0219i sunt specialist\u0103 \u00een marketing digital cu o experien\u021b\u0103 de 5 ani \u00een promovarea pe re\u021bele sociale. Am fost atras\u0103 de domeniul acesta datorit\u0103 pasiunii mele pentru psihologie \u0219i dorin\u021bei de a \u00een\u021belege motiva\u021biile din spatele comportamentului uman. Marketingul mi-a permis s\u0103 \u00eemi satisfac aceast\u0103 [&hellip;]\" \/>\n<meta property=\"og:url\" content=\"https:\/\/www.themarkers.ro\/en\/autori\/iuliana-vlad\/\" \/>\n<meta property=\"og:site_name\" content=\"The Markers\" \/>\n<meta property=\"article:modified_time\" content=\"2024-07-10T15:08:29+00:00\" \/>\n<meta property=\"og:image\" content=\"https:\/\/www.themarkers.ro\/wp-content\/uploads\/2024\/05\/5.png\" \/>\n<meta name=\"twitter:card\" content=\"summary_large_image\" \/>\n<meta name=\"twitter:label1\" content=\"Est. reading time\" \/>\n\t<meta name=\"twitter:data1\" content=\"2 minutes\" \/>\n<script type=\"application\/ld+json\" class=\"yoast-schema-graph\">{\"@context\":\"https:\\\/\\\/schema.org\",\"@graph\":[{\"@type\":\"WebPage\",\"@id\":\"https:\\\/\\\/www.themarkers.ro\\\/autori\\\/iuliana-vlad\\\/\",\"url\":\"https:\\\/\\\/www.themarkers.ro\\\/autori\\\/iuliana-vlad\\\/\",\"name\":\"Iuliana Vlad - The Markers\",\"isPartOf\":{\"@id\":\"https:\\\/\\\/www.themarkers.ro\\\/#website\"},\"primaryImageOfPage\":{\"@id\":\"https:\\\/\\\/www.themarkers.ro\\\/autori\\\/iuliana-vlad\\\/#primaryimage\"},\"image\":{\"@id\":\"https:\\\/\\\/www.themarkers.ro\\\/autori\\\/iuliana-vlad\\\/#primaryimage\"},\"thumbnailUrl\":\"https:\\\/\\\/www.themarkers.ro\\\/wp-content\\\/uploads\\\/2024\\\/05\\\/5.png\",\"datePublished\":\"2024-07-10T14:49:01+00:00\",\"dateModified\":\"2024-07-10T15:08:29+00:00\",\"breadcrumb\":{\"@id\":\"https:\\\/\\\/www.themarkers.ro\\\/autori\\\/iuliana-vlad\\\/#breadcrumb\"},\"inLanguage\":\"en-US\",\"potentialAction\":[{\"@type\":\"ReadAction\",\"target\":[\"https:\\\/\\\/www.themarkers.ro\\\/autori\\\/iuliana-vlad\\\/\"]}]},{\"@type\":\"ImageObject\",\"inLanguage\":\"en-US\",\"@id\":\"https:\\\/\\\/www.themarkers.ro\\\/autori\\\/iuliana-vlad\\\/#primaryimage\",\"url\":\"https:\\\/\\\/www.themarkers.ro\\\/wp-content\\\/uploads\\\/2024\\\/05\\\/5.png\",\"contentUrl\":\"https:\\\/\\\/www.themarkers.ro\\\/wp-content\\\/uploads\\\/2024\\\/05\\\/5.png\"},{\"@type\":\"BreadcrumbList\",\"@id\":\"https:\\\/\\\/www.themarkers.ro\\\/autori\\\/iuliana-vlad\\\/#breadcrumb\",\"itemListElement\":[{\"@type\":\"ListItem\",\"position\":1,\"name\":\"\ud83d\ude80\",\"item\":\"https:\\\/\\\/www.themarkers.ro\\\/\"},{\"@type\":\"ListItem\",\"position\":2,\"name\":\"Iuliana Vlad\"}]},{\"@type\":\"WebSite\",\"@id\":\"https:\\\/\\\/www.themarkers.ro\\\/#website\",\"url\":\"https:\\\/\\\/www.themarkers.ro\\\/\",\"name\":\"The Markers\",\"description\":\"Agentie de marketing si publicitate online\",\"publisher\":{\"@id\":\"https:\\\/\\\/www.themarkers.ro\\\/#organization\"},\"potentialAction\":[{\"@type\":\"SearchAction\",\"target\":{\"@type\":\"EntryPoint\",\"urlTemplate\":\"https:\\\/\\\/www.themarkers.ro\\\/?s={search_term_string}\"},\"query-input\":{\"@type\":\"PropertyValueSpecification\",\"valueRequired\":true,\"valueName\":\"search_term_string\"}}],\"inLanguage\":\"en-US\"},{\"@type\":\"Organization\",\"@id\":\"https:\\\/\\\/www.themarkers.ro\\\/#organization\",\"name\":\"The Markers\",\"url\":\"https:\\\/\\\/www.themarkers.ro\\\/\",\"logo\":{\"@type\":\"ImageObject\",\"inLanguage\":\"en-US\",\"@id\":\"https:\\\/\\\/www.themarkers.ro\\\/#\\\/schema\\\/logo\\\/image\\\/\",\"url\":\"https:\\\/\\\/www.themarkers.ro\\\/wp-content\\\/uploads\\\/2021\\\/05\\\/Logo-TM.png\",\"contentUrl\":\"https:\\\/\\\/www.themarkers.ro\\\/wp-content\\\/uploads\\\/2021\\\/05\\\/Logo-TM.png\",\"width\":530,\"height\":556,\"caption\":\"The Markers\"},\"image\":{\"@id\":\"https:\\\/\\\/www.themarkers.ro\\\/#\\\/schema\\\/logo\\\/image\\\/\"}}]}<\/script>\n<!-- \/ Yoast SEO plugin. -->","yoast_head_json":{"title":"Iuliana Vlad - The Markers","robots":{"index":"index","follow":"follow","max-snippet":"max-snippet:-1","max-image-preview":"max-image-preview:large","max-video-preview":"max-video-preview:-1"},"canonical":"https:\/\/www.themarkers.ro\/en\/autori\/iuliana-vlad\/","og_locale":"en_US","og_type":"article","og_title":"Iuliana Vlad - The Markers","og_description":"Social Media SpecialistContent Creator Linkedin Despre M\u0103 numesc Iuliana Vlad \u0219i sunt specialist\u0103 \u00een marketing digital cu o experien\u021b\u0103 de 5 ani \u00een promovarea pe re\u021bele sociale. Am fost atras\u0103 de domeniul acesta datorit\u0103 pasiunii mele pentru psihologie \u0219i dorin\u021bei de a \u00een\u021belege motiva\u021biile din spatele comportamentului uman. Marketingul mi-a permis s\u0103 \u00eemi satisfac aceast\u0103 [&hellip;]","og_url":"https:\/\/www.themarkers.ro\/en\/autori\/iuliana-vlad\/","og_site_name":"The Markers","article_modified_time":"2024-07-10T15:08:29+00:00","og_image":[{"url":"https:\/\/www.themarkers.ro\/wp-content\/uploads\/2024\/05\/5.png","type":"","width":"","height":""}],"twitter_card":"summary_large_image","twitter_misc":{"Est. reading time":"2 minutes"},"schema":{"@context":"https:\/\/schema.org","@graph":[{"@type":"WebPage","@id":"https:\/\/www.themarkers.ro\/autori\/iuliana-vlad\/","url":"https:\/\/www.themarkers.ro\/autori\/iuliana-vlad\/","name":"Iuliana Vlad - The Markers","isPartOf":{"@id":"https:\/\/www.themarkers.ro\/#website"},"primaryImageOfPage":{"@id":"https:\/\/www.themarkers.ro\/autori\/iuliana-vlad\/#primaryimage"},"image":{"@id":"https:\/\/www.themarkers.ro\/autori\/iuliana-vlad\/#primaryimage"},"thumbnailUrl":"https:\/\/www.themarkers.ro\/wp-content\/uploads\/2024\/05\/5.png","datePublished":"2024-07-10T14:49:01+00:00","dateModified":"2024-07-10T15:08:29+00:00","breadcrumb":{"@id":"https:\/\/www.themarkers.ro\/autori\/iuliana-vlad\/#breadcrumb"},"inLanguage":"en-US","potentialAction":[{"@type":"ReadAction","target":["https:\/\/www.themarkers.ro\/autori\/iuliana-vlad\/"]}]},{"@type":"ImageObject","inLanguage":"en-US","@id":"https:\/\/www.themarkers.ro\/autori\/iuliana-vlad\/#primaryimage","url":"https:\/\/www.themarkers.ro\/wp-content\/uploads\/2024\/05\/5.png","contentUrl":"https:\/\/www.themarkers.ro\/wp-content\/uploads\/2024\/05\/5.png"},{"@type":"BreadcrumbList","@id":"https:\/\/www.themarkers.ro\/autori\/iuliana-vlad\/#breadcrumb","itemListElement":[{"@type":"ListItem","position":1,"name":"\ud83d\ude80","item":"https:\/\/www.themarkers.ro\/"},{"@type":"ListItem","position":2,"name":"Iuliana Vlad"}]},{"@type":"WebSite","@id":"https:\/\/www.themarkers.ro\/#website","url":"https:\/\/www.themarkers.ro\/","name":"The Markers","description":"Agentie de marketing si publicitate online","publisher":{"@id":"https:\/\/www.themarkers.ro\/#organization"},"potentialAction":[{"@type":"SearchAction","target":{"@type":"EntryPoint","urlTemplate":"https:\/\/www.themarkers.ro\/?s={search_term_string}"},"query-input":{"@type":"PropertyValueSpecification","valueRequired":true,"valueName":"search_term_string"}}],"inLanguage":"en-US"},{"@type":"Organization","@id":"https:\/\/www.themarkers.ro\/#organization","name":"The Markers","url":"https:\/\/www.themarkers.ro\/","logo":{"@type":"ImageObject","inLanguage":"en-US","@id":"https:\/\/www.themarkers.ro\/#\/schema\/logo\/image\/","url":"https:\/\/www.themarkers.ro\/wp-content\/uploads\/2021\/05\/Logo-TM.png","contentUrl":"https:\/\/www.themarkers.ro\/wp-content\/uploads\/2021\/05\/Logo-TM.png","width":530,"height":556,"caption":"The Markers"},"image":{"@id":"https:\/\/www.themarkers.ro\/#\/schema\/logo\/image\/"}}]}},"_links":{"self":[{"href":"https:\/\/www.themarkers.ro\/en\/wp-json\/wp\/v2\/autori\/26502","targetHints":{"allow":["GET"]}}],"collection":[{"href":"https:\/\/www.themarkers.ro\/en\/wp-json\/wp\/v2\/autori"}],"about":[{"href":"https:\/\/www.themarkers.ro\/en\/wp-json\/wp\/v2\/types\/autori"}],"version-history":[{"count":13,"href":"https:\/\/www.themarkers.ro\/en\/wp-json\/wp\/v2\/autori\/26502\/revisions"}],"predecessor-version":[{"id":26563,"href":"https:\/\/www.themarkers.ro\/en\/wp-json\/wp\/v2\/autori\/26502\/revisions\/26563"}],"wp:attachment":[{"href":"https:\/\/www.themarkers.ro\/en\/wp-json\/wp\/v2\/media?parent=26502"}],"curies":[{"name":"wp","href":"https:\/\/api.w.org\/{rel}","templated":true}]}}